{"id":5048,"date":"2024-12-13T11:04:18","date_gmt":"2024-12-13T10:04:18","guid":{"rendered":"https:\/\/mediterraneanwear.com\/sobre-nosaltres\/"},"modified":"2025-04-25T09:48:51","modified_gmt":"2025-04-25T08:48:51","slug":"sobre-nosaltres","status":"publish","type":"page","link":"https:\/\/mediterraneanwear.com\/ca\/sobre-nosaltres\/","title":{"rendered":"Sobre nosaltres"},"content":{"rendered":"\n<div class=\"wp-block-group is-layout-constrained wp-block-group-is-layout-constrained\" style=\"margin-bottom:20px\"><div class=\"n2_clear\"><ss3-force-full-width data-overflow-x=\"body\" data-horizontal-selector=\"body\"><div class=\"n2-section-smartslider fitvidsignore  n2_clear\" data-ssid=\"2\" tabindex=\"0\" role=\"region\" aria-label=\"Slider\" style=\"height:600px;\"><div id=\"n2-ss-2-align\" class=\"n2-ss-align\"><div class=\"n2-padding\"><template id=\"n2-ss-2_t\" data-loading-type=\"afterOnLoad\"><div id=\"n2-ss-2\" data-creator=\"Smart Slider 3\" data-responsive=\"fullwidth\" class=\"n2-ss-slider n2-ow n2-has-hover n2notransition  \">\n        <div class=\"n2-ss-slider-1 n2-ow\">\n            <div class=\"n2-ss-slider-2 n2-ow\">\n                <div class=\"n2-ss-slide-backgrounds n2-ow-all\"><div class=\"n2-ss-slide-background\" data-public-id=\"1\" data-mode=\"fill\"><div class=\"n2-ss-slide-background-image\" data-blur=\"0\" data-opacity=\"100\" data-x=\"50\" data-y=\"50\" data-alt=\"\" data-title=\"\"><picture class=\"skip-lazy\" data-skip-lazy=\"1\"><img decoding=\"async\" src=\"\/\/mediterraneanwear.com\/wp-content\/uploads\/2025\/02\/1380-6.webp\" alt=\"\" title=\"\" loading=\"lazy\" class=\"skip-lazy\" data-skip-lazy=\"1\"><\/picture><\/div><div data-color=\"RGBA(255,255,255,0)\" style=\"background-color: RGBA(255,255,255,0);\" class=\"n2-ss-slide-background-color\"><\/div><\/div><\/div>                <div class=\"n2-ss-slider-3 n2-ow\">\n                    <svg xmlns=\"http:\/\/www.w3.org\/2000\/svg\" viewBox=\"0 0 1200 600\" data-related-device=\"desktopPortrait\" class=\"n2-ow n2-ss-preserve-size n2-ss-preserve-size--slider n2-ss-slide-limiter\"><\/svg><div data-first=\"1\" data-slide-duration=\"0\" data-id=\"12\" data-slide-public-id=\"1\" data-title=\"1380-6\" class=\"n2-ss-slide n2-ow  n2-ss-slide-12\"><div role=\"note\" class=\"n2-ss-slide--focus\" tabindex=\"-1\">1380-6<\/div><div class=\"n2-ss-layers-container n2-ss-slide-limiter n2-ow\"><div class=\"n2-ss-layer n2-ow n-uc-yTsLlieQyHL8\" data-sstype=\"slide\" data-pm=\"default\"><\/div><\/div><\/div>                <\/div>\n                            <\/div>\n        <\/div>\n        <\/div><\/template><ss3-loader><\/ss3-loader><\/div><\/div><div class=\"n2_clear\"><\/div><\/div><\/ss3-force-full-width><\/div>\n\n\n<div id=\"pc\" class=\"wp-block-group is-layout-constrained wp-block-group-is-layout-constrained\">\n<h1 class=\"wp-block-heading has-text-align-center\">Sobre nosaltres<\/h1>\n\n\n\n<p style=\"padding-right:var(--wp--preset--spacing--60);padding-left:var(--wp--preset--spacing--60)\">Mediterraneanwear som una petita empresa familiar que al llarg de diverses generacions hem transm\u00e8s als nostres clients la nostra passi\u00f3 per la moda.<br\/><br\/>Des de la nostra botiga de Lloret de Mar (Costa Brava) volem compartir l&#8217;ess\u00e8ncia del Mediterrani a trav\u00e9s de les nostres peces. La llum del nostre mar brilla als blancs de les nostres camises i pantalons mentre que la calidesa dels nostres paisatges es reflecteix en els tons naturals de les nostres col\u00b7leccions. <\/p>\n\n\n\n<p style=\"padding-right:var(--wp--preset--spacing--60);padding-left:var(--wp--preset--spacing--60)\">El 2015 vam donar un impuls a l&#8217;empresa i mirant al futur vam apostar pel comer\u00e7 on-line, creant la nostra web, per\u00f2 sense oblidar el contacte personal amb vosaltres, els nostres clients, que a m\u00e9s de trobar-nos a la nostra botiga f\u00edsica, a Lloret de Mar, tamb\u00e9 podeu veure&#8217;ns a les Fires Artesanalea que se celebren els caps de setmana, a<br\/> diferents poblacions.<\/p>\n\n\n\n<div class=\"wp-block-columns is-layout-flex wp-container-core-columns-is-layout-cad298ab wp-block-columns-is-layout-flex\" style=\"padding-right:var(--wp--preset--spacing--60);padding-left:var(--wp--preset--spacing--60)\">\n<div class=\"wp-block-column is-layout-flow wp-block-column-is-layout-flow\">\n<figure class=\"wp-block-image aligncenter size-full is-resized\" style=\"margin-right:0;margin-left:0\"><a href=\"https:\/\/mediterraneanwear.com\/wp-content\/uploads\/2025\/02\/icons8-wave-100.png\"><img decoding=\"async\" width=\"100\" height=\"100\" src=\"https:\/\/mediterraneanwear.com\/wp-content\/uploads\/2025\/02\/icons8-wave-100.png\" alt=\"\" class=\"wp-image-2715\" style=\"object-fit:cover;width:100px;height:100px\"\/><\/a><\/figure>\n\n\n\n<h2 class=\"wp-block-heading has-text-align-center\" style=\"font-size:clamp(16.293px, 1.018rem + ((1vw - 3.2px) * 0.68), 25px);\">SOM MEDITERRANI<\/h2>\n\n\n\n<p class=\"has-text-align-center\">Els nostres dissenys reflecteixen l&#8217;estil de vida, la llum i l&#8217;ess\u00e8ncia de la Mediterr\u00e0nia.<br\/><\/p>\n<\/div>\n\n\n\n<div class=\"wp-block-column is-layout-flow wp-block-column-is-layout-flow\">\n<figure class=\"wp-block-image aligncenter size-full is-resized\"><a href=\"https:\/\/mediterraneanwear.com\/wp-content\/uploads\/2025\/02\/algodon-organico-1.png\"><img decoding=\"async\" width=\"512\" height=\"512\" src=\"https:\/\/mediterraneanwear.com\/wp-content\/uploads\/2025\/02\/algodon-organico-1.png\" alt=\"\" class=\"wp-image-2743\" style=\"object-fit:cover;width:100px;height:100px\" srcset=\"https:\/\/mediterraneanwear.com\/wp-content\/uploads\/2025\/02\/algodon-organico-1.png 512w, https:\/\/mediterraneanwear.com\/wp-content\/uploads\/2025\/02\/algodon-organico-1-300x300.png 300w, https:\/\/mediterraneanwear.com\/wp-content\/uploads\/2025\/02\/algodon-organico-1-150x150.png 150w, https:\/\/mediterraneanwear.com\/wp-content\/uploads\/2025\/02\/algodon-organico-1-100x100.png 100w\" sizes=\"(max-width: 512px) 100vw, 512px\" \/><\/a><\/figure>\n\n\n\n<h2 class=\"wp-block-heading has-text-align-center\" style=\"font-size:clamp(16.293px, 1.018rem + ((1vw - 3.2px) * 0.68), 25px);\">SOM QUALITAT I SOSTENABILITAT<\/h2>\n\n\n\n<p class=\"has-text-align-center\">Treballem amb petits productors locals, repetint el medi ambient i la m\u00e0xima qualitat dels materials.<\/p>\n<\/div>\n\n\n\n<div class=\"wp-block-column is-layout-flow wp-block-column-is-layout-flow\">\n<figure class=\"wp-block-image aligncenter size-full is-resized\"><a href=\"https:\/\/mediterraneanwear.com\/wp-content\/uploads\/2025\/02\/reloj-de-arena.png\"><img decoding=\"async\" width=\"512\" height=\"512\" src=\"https:\/\/mediterraneanwear.com\/wp-content\/uploads\/2025\/02\/reloj-de-arena.png\" alt=\"\" class=\"wp-image-2746\" style=\"object-fit:cover;width:100px;height:100px\" srcset=\"https:\/\/mediterraneanwear.com\/wp-content\/uploads\/2025\/02\/reloj-de-arena.png 512w, https:\/\/mediterraneanwear.com\/wp-content\/uploads\/2025\/02\/reloj-de-arena-300x300.png 300w, https:\/\/mediterraneanwear.com\/wp-content\/uploads\/2025\/02\/reloj-de-arena-150x150.png 150w, https:\/\/mediterraneanwear.com\/wp-content\/uploads\/2025\/02\/reloj-de-arena-100x100.png 100w\" sizes=\"(max-width: 512px) 100vw, 512px\" \/><\/a><\/figure>\n\n\n\n<h2 class=\"wp-block-heading has-text-align-center\" style=\"font-size:clamp(16.293px, 1.018rem + ((1vw - 3.2px) * 0.68), 25px);\">SOM PASSAT I FUTUR<\/h2>\n\n\n\n<p class=\"has-text-align-center\">Mirem el futur des del repte a les nostres tradicions i els paisatges de la nostra Costa Brava.<br\/><\/p>\n<\/div>\n<\/div>\n<\/div>\n\n\n\n<div id=\"mobil\" class=\"wp-block-group is-layout-constrained wp-block-group-is-layout-constrained\">\n<h1 class=\"wp-block-heading has-text-align-center\">Sobre nosaltres<\/h1>\n\n\n\n<p style=\"padding-right:0;padding-left:0\">Mediterraneanwear som una petita empresa familiar que al llarg de diverses generacions hem transm\u00e8s als nostres clients la nostra passi\u00f3 per la moda.<br\/><br\/>Des de la nostra botiga de Lloret de Mar (Costa Brava) volem compartir l&#8217;ess\u00e8ncia del Mediterrani a trav\u00e9s de les nostres peces. La llum del nostre mar brilla als blancs de les nostres camises i pantalons mentre que la calidesa dels nostres paisatges es reflecteix en els tons naturals de les nostres col\u00b7leccions. <\/p>\n\n\n\n<p style=\"padding-right:0;padding-left:0\">El 2015 vam donar un impuls a l&#8217;empresa i mirant al futur vam apostar pel comer\u00e7 on-line, creant la nostra web, per\u00f2 sense oblidar el contacte personal amb vosaltres, els nostres clients, que a m\u00e9s de trobar-nos a la nostra botiga f\u00edsica, a Lloret de Mar, tamb\u00e9 podeu veure&#8217;ns a les Fires Artesanals que se celebren els caps de setmana, a diferents poblacions.<\/p>\n\n\n\n<div class=\"wp-block-columns is-layout-flex wp-container-core-columns-is-layout-e0e4babd wp-block-columns-is-layout-flex\" style=\"padding-right:0;padding-left:0\">\n<div class=\"wp-block-column is-layout-flow wp-block-column-is-layout-flow\">\n<figure class=\"wp-block-image aligncenter size-full is-resized\" style=\"margin-right:0;margin-left:0\"><a href=\"https:\/\/mediterraneanwear.com\/wp-content\/uploads\/2025\/02\/icons8-wave-100.png\"><img decoding=\"async\" width=\"100\" height=\"100\" src=\"https:\/\/mediterraneanwear.com\/wp-content\/uploads\/2025\/02\/icons8-wave-100.png\" alt=\"\" class=\"wp-image-2715\" style=\"object-fit:cover;width:100px;height:100px\"\/><\/a><\/figure>\n\n\n\n<h2 class=\"wp-block-heading has-text-align-center\" style=\"font-size:clamp(16.293px, 1.018rem + ((1vw - 3.2px) * 0.68), 25px);\">SOM MEDITERRANI<\/h2>\n\n\n\n<p class=\"has-text-align-center\">Els nostres dissenys reflecteixen l&#8217;estil de vida, la llum i l&#8217;ess\u00e8ncia de la Mediterr\u00e0nia.<br\/><\/p>\n<\/div>\n\n\n\n<div class=\"wp-block-column is-layout-flow wp-block-column-is-layout-flow\">\n<figure class=\"wp-block-image aligncenter size-full is-resized\"><a href=\"https:\/\/mediterraneanwear.com\/wp-content\/uploads\/2025\/02\/algodon-organico-1.png\"><img decoding=\"async\" width=\"512\" height=\"512\" src=\"https:\/\/mediterraneanwear.com\/wp-content\/uploads\/2025\/02\/algodon-organico-1.png\" alt=\"\" class=\"wp-image-2743\" style=\"object-fit:cover;width:100px;height:100px\" srcset=\"https:\/\/mediterraneanwear.com\/wp-content\/uploads\/2025\/02\/algodon-organico-1.png 512w, https:\/\/mediterraneanwear.com\/wp-content\/uploads\/2025\/02\/algodon-organico-1-300x300.png 300w, https:\/\/mediterraneanwear.com\/wp-content\/uploads\/2025\/02\/algodon-organico-1-150x150.png 150w, https:\/\/mediterraneanwear.com\/wp-content\/uploads\/2025\/02\/algodon-organico-1-100x100.png 100w\" sizes=\"(max-width: 512px) 100vw, 512px\" \/><\/a><\/figure>\n\n\n\n<h2 class=\"wp-block-heading has-text-align-center\" style=\"font-size:clamp(16.293px, 1.018rem + ((1vw - 3.2px) * 0.68), 25px);\">SOM QUALITAT I SOSTENABILITAT<\/h2>\n\n\n\n<p class=\"has-text-align-center\">Treballem amb petits productors locals, repetint el medi ambient i la m\u00e0xima qualitat dels materials.<\/p>\n<\/div>\n\n\n\n<div class=\"wp-block-column is-layout-flow wp-block-column-is-layout-flow\">\n<figure class=\"wp-block-image aligncenter size-full is-resized\"><a href=\"https:\/\/mediterraneanwear.com\/wp-content\/uploads\/2025\/02\/reloj-de-arena.png\"><img decoding=\"async\" width=\"512\" height=\"512\" src=\"https:\/\/mediterraneanwear.com\/wp-content\/uploads\/2025\/02\/reloj-de-arena.png\" alt=\"\" class=\"wp-image-2746\" style=\"object-fit:cover;width:100px;height:100px\" srcset=\"https:\/\/mediterraneanwear.com\/wp-content\/uploads\/2025\/02\/reloj-de-arena.png 512w, https:\/\/mediterraneanwear.com\/wp-content\/uploads\/2025\/02\/reloj-de-arena-300x300.png 300w, https:\/\/mediterraneanwear.com\/wp-content\/uploads\/2025\/02\/reloj-de-arena-150x150.png 150w, https:\/\/mediterraneanwear.com\/wp-content\/uploads\/2025\/02\/reloj-de-arena-100x100.png 100w\" sizes=\"(max-width: 512px) 100vw, 512px\" \/><\/a><\/figure>\n\n\n\n<h2 class=\"wp-block-heading has-text-align-center\" style=\"font-size:clamp(16.293px, 1.018rem + ((1vw - 3.2px) * 0.68), 25px);\">SOM PASSAT I FUTUR<\/h2>\n\n\n\n<p class=\"has-text-align-center\">Mirem el futur des del repte a les nostres tradicions i els paisatges de la nostra Costa Brava.<br\/><\/p>\n<\/div>\n<\/div>\n<\/div>\n\n\n\n<figure class=\"wp-block-gallery has-nested-images columns-default is-cropped wp-block-gallery-1 is-layout-flex wp-block-gallery-is-layout-flex\">\n<figure class=\"wp-block-image size-large\"><a href=\"https:\/\/mediterraneanwear.com\/wp-content\/uploads\/2025\/02\/photo_2022-06-11-17.45.08.webp\"><img decoding=\"async\" width=\"768\" height=\"1024\" data-id=\"2684\" src=\"https:\/\/mediterraneanwear.com\/wp-content\/uploads\/2025\/02\/photo_2022-06-11-17.45.08-768x1024.webp\" alt=\"\" class=\"wp-image-2684\" srcset=\"https:\/\/mediterraneanwear.com\/wp-content\/uploads\/2025\/02\/photo_2022-06-11-17.45.08-768x1024.webp 768w, https:\/\/mediterraneanwear.com\/wp-content\/uploads\/2025\/02\/photo_2022-06-11-17.45.08-225x300.webp 225w, https:\/\/mediterraneanwear.com\/wp-content\/uploads\/2025\/02\/photo_2022-06-11-17.45.08-900x1200.webp 900w, https:\/\/mediterraneanwear.com\/wp-content\/uploads\/2025\/02\/photo_2022-06-11-17.45.08.webp 960w\" sizes=\"(max-width: 768px) 100vw, 768px\" \/><\/a><\/figure>\n\n\n\n<figure class=\"wp-block-image size-large\"><a href=\"https:\/\/mediterraneanwear.com\/wp-content\/uploads\/2025\/02\/SUN1290.webp\"><img decoding=\"async\" width=\"1024\" height=\"684\" data-id=\"2741\" src=\"https:\/\/mediterraneanwear.com\/wp-content\/uploads\/2025\/02\/SUN1290-1024x684.webp\" alt=\"\" class=\"wp-image-2741\" srcset=\"https:\/\/mediterraneanwear.com\/wp-content\/uploads\/2025\/02\/SUN1290-1024x684.webp 1024w, https:\/\/mediterraneanwear.com\/wp-content\/uploads\/2025\/02\/SUN1290-300x200.webp 300w, https:\/\/mediterraneanwear.com\/wp-content\/uploads\/2025\/02\/SUN1290-768x513.webp 768w, https:\/\/mediterraneanwear.com\/wp-content\/uploads\/2025\/02\/SUN1290-900x601.webp 900w, https:\/\/mediterraneanwear.com\/wp-content\/uploads\/2025\/02\/SUN1290.webp 1280w\" sizes=\"(max-width: 1024px) 100vw, 1024px\" \/><\/a><\/figure>\n\n\n\n<figure class=\"wp-block-image size-large\"><a href=\"https:\/\/mediterraneanwear.com\/wp-content\/uploads\/2025\/02\/SUN1279.webp\"><img decoding=\"async\" width=\"1024\" height=\"683\" data-id=\"2681\" src=\"https:\/\/mediterraneanwear.com\/wp-content\/uploads\/2025\/02\/SUN1279-1024x683.webp\" alt=\"\" class=\"wp-image-2681\" srcset=\"https:\/\/mediterraneanwear.com\/wp-content\/uploads\/2025\/02\/SUN1279-1024x683.webp 1024w, https:\/\/mediterraneanwear.com\/wp-content\/uploads\/2025\/02\/SUN1279-300x200.webp 300w, https:\/\/mediterraneanwear.com\/wp-content\/uploads\/2025\/02\/SUN1279-768x512.webp 768w, https:\/\/mediterraneanwear.com\/wp-content\/uploads\/2025\/02\/SUN1279-900x600.webp 900w, https:\/\/mediterraneanwear.com\/wp-content\/uploads\/2025\/02\/SUN1279.webp 1280w\" sizes=\"(max-width: 1024px) 100vw, 1024px\" \/><\/a><\/figure>\n\n\n\n<figure class=\"wp-block-image size-large\"><a href=\"https:\/\/mediterraneanwear.com\/wp-content\/uploads\/2025\/02\/SUN1281.webp\"><img decoding=\"async\" width=\"1024\" height=\"683\" data-id=\"2680\" src=\"https:\/\/mediterraneanwear.com\/wp-content\/uploads\/2025\/02\/SUN1281-1024x683.webp\" alt=\"\" class=\"wp-image-2680\" srcset=\"https:\/\/mediterraneanwear.com\/wp-content\/uploads\/2025\/02\/SUN1281-1024x683.webp 1024w, https:\/\/mediterraneanwear.com\/wp-content\/uploads\/2025\/02\/SUN1281-300x200.webp 300w, https:\/\/mediterraneanwear.com\/wp-content\/uploads\/2025\/02\/SUN1281-768x512.webp 768w, https:\/\/mediterraneanwear.com\/wp-content\/uploads\/2025\/02\/SUN1281-900x600.webp 900w, https:\/\/mediterraneanwear.com\/wp-content\/uploads\/2025\/02\/SUN1281.webp 1280w\" sizes=\"(max-width: 1024px) 100vw, 1024px\" \/><\/a><\/figure>\n\n\n\n<figure class=\"wp-block-image size-large\"><a href=\"https:\/\/mediterraneanwear.com\/wp-content\/uploads\/2025\/02\/1380-7.webp\"><img decoding=\"async\" width=\"1024\" height=\"445\" data-id=\"2683\" src=\"https:\/\/mediterraneanwear.com\/wp-content\/uploads\/2025\/02\/1380-7-1024x445.webp\" alt=\"\" class=\"wp-image-2683\" srcset=\"https:\/\/mediterraneanwear.com\/wp-content\/uploads\/2025\/02\/1380-7-1024x445.webp 1024w, https:\/\/mediterraneanwear.com\/wp-content\/uploads\/2025\/02\/1380-7-300x130.webp 300w, https:\/\/mediterraneanwear.com\/wp-content\/uploads\/2025\/02\/1380-7-768x334.webp 768w, https:\/\/mediterraneanwear.com\/wp-content\/uploads\/2025\/02\/1380-7-900x391.webp 900w, https:\/\/mediterraneanwear.com\/wp-content\/uploads\/2025\/02\/1380-7.webp 1280w\" sizes=\"(max-width: 1024px) 100vw, 1024px\" \/><\/a><\/figure>\n\n\n\n<figure class=\"wp-block-image size-large\"><a href=\"https:\/\/mediterraneanwear.com\/wp-content\/uploads\/2025\/02\/IMAGE-2021-09-03-18_38_06.webp\"><img decoding=\"async\" width=\"1024\" height=\"768\" data-id=\"2685\" src=\"https:\/\/mediterraneanwear.com\/wp-content\/uploads\/2025\/02\/IMAGE-2021-09-03-18_38_06-1024x768.webp\" alt=\"\" class=\"wp-image-2685\" srcset=\"https:\/\/mediterraneanwear.com\/wp-content\/uploads\/2025\/02\/IMAGE-2021-09-03-18_38_06-1024x768.webp 1024w, https:\/\/mediterraneanwear.com\/wp-content\/uploads\/2025\/02\/IMAGE-2021-09-03-18_38_06-300x225.webp 300w, https:\/\/mediterraneanwear.com\/wp-content\/uploads\/2025\/02\/IMAGE-2021-09-03-18_38_06-768x576.webp 768w, https:\/\/mediterraneanwear.com\/wp-content\/uploads\/2025\/02\/IMAGE-2021-09-03-18_38_06-900x675.webp 900w, https:\/\/mediterraneanwear.com\/wp-content\/uploads\/2025\/02\/IMAGE-2021-09-03-18_38_06.webp 1280w\" sizes=\"(max-width: 1024px) 100vw, 1024px\" \/><\/a><\/figure>\n<\/figure>\n<\/div>\n","protected":false},"excerpt":{"rendered":"<p>Sobre nosaltres Mediterraneanwear som una petita empresa familiar que al llarg de diverses generacions hem transm\u00e8s als nostres clients la nostra passi\u00f3 per la moda. Des de la nostra botiga de Lloret de Mar (Costa Brava) volem compartir l&#8217;ess\u00e8ncia del Mediterrani a trav\u00e9s de les nostres peces. La llum del nostre mar brilla als blancs [&hellip;]<\/p>\n","protected":false},"author":1,"featured_media":0,"parent":0,"menu_order":0,"comment_status":"closed","ping_status":"closed","template":"","meta":{"footnotes":""},"class_list":["post-5048","page","type-page","status-publish","hentry"],"blocksy_meta":[],"yoast_head":"<!-- This site is optimized with the Yoast SEO plugin v27.5 - https:\/\/yoast.com\/product\/yoast-seo-wordpress\/ -->\n<title>Sobre nosaltres - Mediterranean Wear<\/title>\n<meta name=\"robots\" content=\"index, follow, max-snippet:-1, max-image-preview:large, max-video-preview:-1\" \/>\n<link rel=\"canonical\" href=\"https:\/\/mediterraneanwear.com\/ca\/sobre-nosaltres\/\" \/>\n<meta property=\"og:locale\" content=\"ca_ES\" \/>\n<meta property=\"og:type\" content=\"article\" \/>\n<meta property=\"og:title\" content=\"Sobre nosaltres - Mediterranean Wear\" \/>\n<meta property=\"og:description\" content=\"Sobre nosaltres Mediterraneanwear som una petita empresa familiar que al llarg de diverses generacions hem transm\u00e8s als nostres clients la nostra passi\u00f3 per la moda. Des de la nostra botiga de Lloret de Mar (Costa Brava) volem compartir l&#8217;ess\u00e8ncia del Mediterrani a trav\u00e9s de les nostres peces. La llum del nostre mar brilla als blancs [&hellip;]\" \/>\n<meta property=\"og:url\" content=\"https:\/\/mediterraneanwear.com\/ca\/sobre-nosaltres\/\" \/>\n<meta property=\"og:site_name\" content=\"Mediterranean Wear\" \/>\n<meta property=\"article:publisher\" content=\"https:\/\/www.facebook.com\/mediterraneanwear\/\" \/>\n<meta property=\"article:modified_time\" content=\"2025-04-25T08:48:51+00:00\" \/>\n<meta property=\"og:image\" content=\"https:\/\/mediterraneanwear.com\/wp-content\/uploads\/2025\/02\/icons8-wave-100.png\" \/>\n<meta name=\"twitter:card\" content=\"summary_large_image\" \/>\n<meta name=\"twitter:label1\" content=\"Temps estimat de lectura\" \/>\n\t<meta name=\"twitter:data1\" content=\"2 minuts\" \/>\n<script type=\"application\/ld+json\" class=\"yoast-schema-graph\">{\"@context\":\"https:\\\/\\\/schema.org\",\"@graph\":[{\"@type\":\"WebPage\",\"@id\":\"https:\\\/\\\/mediterraneanwear.com\\\/ca\\\/sobre-nosaltres\\\/\",\"url\":\"https:\\\/\\\/mediterraneanwear.com\\\/ca\\\/sobre-nosaltres\\\/\",\"name\":\"Sobre nosaltres - Mediterranean Wear\",\"isPartOf\":{\"@id\":\"https:\\\/\\\/mediterraneanwear.com\\\/ca\\\/#website\"},\"primaryImageOfPage\":{\"@id\":\"https:\\\/\\\/mediterraneanwear.com\\\/ca\\\/sobre-nosaltres\\\/#primaryimage\"},\"image\":{\"@id\":\"https:\\\/\\\/mediterraneanwear.com\\\/ca\\\/sobre-nosaltres\\\/#primaryimage\"},\"thumbnailUrl\":\"https:\\\/\\\/mediterraneanwear.com\\\/wp-content\\\/uploads\\\/2025\\\/02\\\/icons8-wave-100.png\",\"datePublished\":\"2024-12-13T10:04:18+00:00\",\"dateModified\":\"2025-04-25T08:48:51+00:00\",\"breadcrumb\":{\"@id\":\"https:\\\/\\\/mediterraneanwear.com\\\/ca\\\/sobre-nosaltres\\\/#breadcrumb\"},\"inLanguage\":\"ca\",\"potentialAction\":[{\"@type\":\"ReadAction\",\"target\":[\"https:\\\/\\\/mediterraneanwear.com\\\/ca\\\/sobre-nosaltres\\\/\"]}]},{\"@type\":\"ImageObject\",\"inLanguage\":\"ca\",\"@id\":\"https:\\\/\\\/mediterraneanwear.com\\\/ca\\\/sobre-nosaltres\\\/#primaryimage\",\"url\":\"https:\\\/\\\/mediterraneanwear.com\\\/wp-content\\\/uploads\\\/2025\\\/02\\\/icons8-wave-100.png\",\"contentUrl\":\"https:\\\/\\\/mediterraneanwear.com\\\/wp-content\\\/uploads\\\/2025\\\/02\\\/icons8-wave-100.png\"},{\"@type\":\"BreadcrumbList\",\"@id\":\"https:\\\/\\\/mediterraneanwear.com\\\/ca\\\/sobre-nosaltres\\\/#breadcrumb\",\"itemListElement\":[{\"@type\":\"ListItem\",\"position\":1,\"name\":\"Portada\",\"item\":\"https:\\\/\\\/mediterraneanwear.com\\\/ca\\\/\"},{\"@type\":\"ListItem\",\"position\":2,\"name\":\"Sobre nosaltres\"}]},{\"@type\":\"WebSite\",\"@id\":\"https:\\\/\\\/mediterraneanwear.com\\\/ca\\\/#website\",\"url\":\"https:\\\/\\\/mediterraneanwear.com\\\/ca\\\/\",\"name\":\"Mediterranean Wear\",\"description\":\"Mediterranean Wear\",\"publisher\":{\"@id\":\"https:\\\/\\\/mediterraneanwear.com\\\/ca\\\/#organization\"},\"potentialAction\":[{\"@type\":\"SearchAction\",\"target\":{\"@type\":\"EntryPoint\",\"urlTemplate\":\"https:\\\/\\\/mediterraneanwear.com\\\/ca\\\/?s={search_term_string}\"},\"query-input\":{\"@type\":\"PropertyValueSpecification\",\"valueRequired\":true,\"valueName\":\"search_term_string\"}}],\"inLanguage\":\"ca\"},{\"@type\":\"Organization\",\"@id\":\"https:\\\/\\\/mediterraneanwear.com\\\/ca\\\/#organization\",\"name\":\"Mediterranean Wear\",\"url\":\"https:\\\/\\\/mediterraneanwear.com\\\/ca\\\/\",\"logo\":{\"@type\":\"ImageObject\",\"inLanguage\":\"ca\",\"@id\":\"https:\\\/\\\/mediterraneanwear.com\\\/ca\\\/#\\\/schema\\\/logo\\\/image\\\/\",\"url\":\"https:\\\/\\\/mediterraneanwear.com\\\/wp-content\\\/uploads\\\/2025\\\/05\\\/LOGO-MediterraneanWear_2.png\",\"contentUrl\":\"https:\\\/\\\/mediterraneanwear.com\\\/wp-content\\\/uploads\\\/2025\\\/05\\\/LOGO-MediterraneanWear_2.png\",\"width\":566,\"height\":81,\"caption\":\"Mediterranean Wear\"},\"image\":{\"@id\":\"https:\\\/\\\/mediterraneanwear.com\\\/ca\\\/#\\\/schema\\\/logo\\\/image\\\/\"},\"sameAs\":[\"https:\\\/\\\/www.facebook.com\\\/mediterraneanwear\\\/\",\"https:\\\/\\\/www.instagram.com\\\/mediterraneanwear\\\/\"]}]}<\/script>\n<!-- \/ Yoast SEO plugin. -->","yoast_head_json":{"title":"Sobre nosaltres - Mediterranean Wear","robots":{"index":"index","follow":"follow","max-snippet":"max-snippet:-1","max-image-preview":"max-image-preview:large","max-video-preview":"max-video-preview:-1"},"canonical":"https:\/\/mediterraneanwear.com\/ca\/sobre-nosaltres\/","og_locale":"ca_ES","og_type":"article","og_title":"Sobre nosaltres - Mediterranean Wear","og_description":"Sobre nosaltres Mediterraneanwear som una petita empresa familiar que al llarg de diverses generacions hem transm\u00e8s als nostres clients la nostra passi\u00f3 per la moda. Des de la nostra botiga de Lloret de Mar (Costa Brava) volem compartir l&#8217;ess\u00e8ncia del Mediterrani a trav\u00e9s de les nostres peces. La llum del nostre mar brilla als blancs [&hellip;]","og_url":"https:\/\/mediterraneanwear.com\/ca\/sobre-nosaltres\/","og_site_name":"Mediterranean Wear","article_publisher":"https:\/\/www.facebook.com\/mediterraneanwear\/","article_modified_time":"2025-04-25T08:48:51+00:00","og_image":[{"url":"https:\/\/mediterraneanwear.com\/wp-content\/uploads\/2025\/02\/icons8-wave-100.png","type":"","width":"","height":""}],"twitter_card":"summary_large_image","twitter_misc":{"Temps estimat de lectura":"2 minuts"},"schema":{"@context":"https:\/\/schema.org","@graph":[{"@type":"WebPage","@id":"https:\/\/mediterraneanwear.com\/ca\/sobre-nosaltres\/","url":"https:\/\/mediterraneanwear.com\/ca\/sobre-nosaltres\/","name":"Sobre nosaltres - Mediterranean Wear","isPartOf":{"@id":"https:\/\/mediterraneanwear.com\/ca\/#website"},"primaryImageOfPage":{"@id":"https:\/\/mediterraneanwear.com\/ca\/sobre-nosaltres\/#primaryimage"},"image":{"@id":"https:\/\/mediterraneanwear.com\/ca\/sobre-nosaltres\/#primaryimage"},"thumbnailUrl":"https:\/\/mediterraneanwear.com\/wp-content\/uploads\/2025\/02\/icons8-wave-100.png","datePublished":"2024-12-13T10:04:18+00:00","dateModified":"2025-04-25T08:48:51+00:00","breadcrumb":{"@id":"https:\/\/mediterraneanwear.com\/ca\/sobre-nosaltres\/#breadcrumb"},"inLanguage":"ca","potentialAction":[{"@type":"ReadAction","target":["https:\/\/mediterraneanwear.com\/ca\/sobre-nosaltres\/"]}]},{"@type":"ImageObject","inLanguage":"ca","@id":"https:\/\/mediterraneanwear.com\/ca\/sobre-nosaltres\/#primaryimage","url":"https:\/\/mediterraneanwear.com\/wp-content\/uploads\/2025\/02\/icons8-wave-100.png","contentUrl":"https:\/\/mediterraneanwear.com\/wp-content\/uploads\/2025\/02\/icons8-wave-100.png"},{"@type":"BreadcrumbList","@id":"https:\/\/mediterraneanwear.com\/ca\/sobre-nosaltres\/#breadcrumb","itemListElement":[{"@type":"ListItem","position":1,"name":"Portada","item":"https:\/\/mediterraneanwear.com\/ca\/"},{"@type":"ListItem","position":2,"name":"Sobre nosaltres"}]},{"@type":"WebSite","@id":"https:\/\/mediterraneanwear.com\/ca\/#website","url":"https:\/\/mediterraneanwear.com\/ca\/","name":"Mediterranean Wear","description":"Mediterranean Wear","publisher":{"@id":"https:\/\/mediterraneanwear.com\/ca\/#organization"},"potentialAction":[{"@type":"SearchAction","target":{"@type":"EntryPoint","urlTemplate":"https:\/\/mediterraneanwear.com\/ca\/?s={search_term_string}"},"query-input":{"@type":"PropertyValueSpecification","valueRequired":true,"valueName":"search_term_string"}}],"inLanguage":"ca"},{"@type":"Organization","@id":"https:\/\/mediterraneanwear.com\/ca\/#organization","name":"Mediterranean Wear","url":"https:\/\/mediterraneanwear.com\/ca\/","logo":{"@type":"ImageObject","inLanguage":"ca","@id":"https:\/\/mediterraneanwear.com\/ca\/#\/schema\/logo\/image\/","url":"https:\/\/mediterraneanwear.com\/wp-content\/uploads\/2025\/05\/LOGO-MediterraneanWear_2.png","contentUrl":"https:\/\/mediterraneanwear.com\/wp-content\/uploads\/2025\/05\/LOGO-MediterraneanWear_2.png","width":566,"height":81,"caption":"Mediterranean Wear"},"image":{"@id":"https:\/\/mediterraneanwear.com\/ca\/#\/schema\/logo\/image\/"},"sameAs":["https:\/\/www.facebook.com\/mediterraneanwear\/","https:\/\/www.instagram.com\/mediterraneanwear\/"]}]}},"_links":{"self":[{"href":"https:\/\/mediterraneanwear.com\/ca\/wp-json\/wp\/v2\/pages\/5048","targetHints":{"allow":["GET"]}}],"collection":[{"href":"https:\/\/mediterraneanwear.com\/ca\/wp-json\/wp\/v2\/pages"}],"about":[{"href":"https:\/\/mediterraneanwear.com\/ca\/wp-json\/wp\/v2\/types\/page"}],"author":[{"embeddable":true,"href":"https:\/\/mediterraneanwear.com\/ca\/wp-json\/wp\/v2\/users\/1"}],"replies":[{"embeddable":true,"href":"https:\/\/mediterraneanwear.com\/ca\/wp-json\/wp\/v2\/comments?post=5048"}],"version-history":[{"count":0,"href":"https:\/\/mediterraneanwear.com\/ca\/wp-json\/wp\/v2\/pages\/5048\/revisions"}],"wp:attachment":[{"href":"https:\/\/mediterraneanwear.com\/ca\/wp-json\/wp\/v2\/media?parent=5048"}],"curies":[{"name":"wp","href":"https:\/\/api.w.org\/{rel}","templated":true}]}}